{"id":740,"date":"2018-03-05T03:47:52","date_gmt":"2018-03-05T03:47:52","guid":{"rendered":"https:\/\/izvorulalb.org\/?page_id=740"},"modified":"2026-04-16T08:29:14","modified_gmt":"2026-04-16T08:29:14","slug":"home-ngo-organization","status":"publish","type":"page","link":"https:\/\/izvorulalb.org\/","title":{"rendered":"Home"},"content":{"rendered":"<p>[vc_section full_width=&#8221;stretch_row_content&#8221;][vc_row full_width=&#8221;stretch_row_content_no_spaces&#8221;][vc_column][rev_slider_vc alias=&#8221;ngo-slider&#8221;][\/vc_column][\/vc_row][\/vc_section][vc_section full_width=&#8221;stretch_row&#8221; css=&#8221;.vc_custom_1520259971275{margin-top: -100px !important;margin-bottom: -60px !important;padding-top: 150px !important;padding-bottom: 80px !important;background-image: url(http:\/\/izvorulalb.org\/wp-content\/uploads\/2018\/03\/bg-ss-1.png?id=785) !important;background-position: center !important;background-repeat: no-repeat !important;background-size: cover !important;}&#8221; el_class=&#8221;home-ss-about&#8221;][vc_row][vc_column width=&#8221;1\/3&#8243; el_class=&#8221;home-col-about-ss&#8221;][vc_single_image image=&#8221;1450&#8243; img_size=&#8221;full&#8221; alignment=&#8221;center&#8221;][vc_custom_heading text=&#8221;DESPRE FUNDA\u021aIE&#8221; font_container=&#8221;tag:h3|font_size:15px|text_align:left|color:%23e7a70d|line_height:26px&#8221; google_fonts=&#8221;font_family:Open%20Sans%3A300%2C300italic%2Cregular%2Citalic%2C600%2C600italic%2C700%2C700italic%2C800%2C800italic|font_style:700%20bold%20regular%3A700%3Anormal&#8221; custom_letter_spacing=&#8221;-0.075em&#8221; css=&#8221;.vc_custom_1572055905172{padding-right: 50px !important;padding-left: 50px !important;}&#8221;][vc_custom_heading text=&#8221;Avem misiunea de a rescrie povestea satului, de a fi prezen\u021bi pentru viitor, de a c\u0103uta inspira\u021bie \u0219i a genera transformare \u00een comunitate.&#8221; font_container=&#8221;tag:div|font_size:18px|text_align:justify|color:%23333333|line_height:28px&#8221; google_fonts=&#8221;font_family:Poppins%3Aregular|font_style:300%20light%20regular%3A300%3Anormal&#8221; custom_letter_spacing=&#8221;-0.025em&#8221; css=&#8221;.vc_custom_1572047400119{padding-right: 50px !important;padding-left: 50px !important;}&#8221;][vc_btn title=&#8221;Afl\u0103 povestea&#8221; style=&#8221;custom&#8221; custom_background=&#8221;#e7a70d&#8221; custom_text=&#8221;#222222&#8243; shape=&#8221;round&#8221; align=&#8221;left&#8221; el_class=&#8221;text-uppercase home-btn-ss-about&#8221; css=&#8221;.vc_custom_1573556572924{padding-right: 50px !important;padding-left: 50px !important;}&#8221; link=&#8221;url:https%3A%2F%2Fizvorulalb.org%2Fdespre-fundatie%2F|title:DESPRE%20FUNDA%C8%9AIE||&#8221;][\/vc_column][vc_column width=&#8221;1\/3&#8243; el_class=&#8221;home-col-about-ss&#8221;][vc_single_image image=&#8221;1449&#8243; img_size=&#8221;full&#8221; alignment=&#8221;center&#8221;][vc_custom_heading text=&#8221;CUM PO\u021aI S\u0102 AJU\u021aI&#8221; font_container=&#8221;tag:h3|font_size:15px|text_align:left|color:%23e7a70d|line_height:26px&#8221; google_fonts=&#8221;font_family:Open%20Sans%3A300%2C300italic%2Cregular%2Citalic%2C600%2C600italic%2C700%2C700italic%2C800%2C800italic|font_style:700%20bold%20regular%3A700%3Anormal&#8221; custom_letter_spacing=&#8221;-0.075em&#8221; css=&#8221;.vc_custom_1572055915214{padding-right: 50px !important;padding-left: 50px !important;}&#8221;][vc_custom_heading text=&#8221;Descoper\u0103 toate modurile \u00een care po\u021bi ajuta povestea Izvorului Alb s\u0103 continue \u0219i ajut\u0103-ne s\u0103 schimb\u0103m \u00een bine vie\u021bile s\u0103tenilor.&#8221; font_container=&#8221;tag:div|font_size:18px|text_align:justify|color:%23333333|line_height:28px&#8221; google_fonts=&#8221;font_family:Poppins%3Aregular|font_style:300%20light%20regular%3A300%3Anormal&#8221; css=&#8221;.vc_custom_1572047424156{padding-right: 50px !important;padding-left: 50px !important;}&#8221; link=&#8221;url:https%3A%2F%2Fizvorulalb.org%2Fcum-poti-ajuta%2F|title:CUM%20PO%C8%9AI%20AJUTA||&#8221;][vc_btn title=&#8221;Implic\u0103-te&#8221; style=&#8221;custom&#8221; custom_background=&#8221;#e7a70d&#8221; custom_text=&#8221;#222222&#8243; shape=&#8221;round&#8221; align=&#8221;left&#8221; el_class=&#8221;text-uppercase home-btn-ss-about&#8221; css=&#8221;.vc_custom_1573556586951{padding-right: 50px !important;padding-left: 50px !important;}&#8221; link=&#8221;url:https%3A%2F%2Fizvorulalb.org%2Fcum-poti-ajuta%2F|title:CUM%20PO%C8%9AI%20AJUTA||&#8221;][\/vc_column][vc_column width=&#8221;1\/3&#8243; el_class=&#8221;home-col-about-ss&#8221;][vc_single_image image=&#8221;1451&#8243; img_size=&#8221;full&#8221; alignment=&#8221;center&#8221;][vc_custom_heading text=&#8221;WALLPAPERS&#8221; font_container=&#8221;tag:h3|font_size:15px|text_align:left|color:%23e7a70d|line_height:26px&#8221; google_fonts=&#8221;font_family:Open%20Sans%3A300%2C300italic%2Cregular%2Citalic%2C600%2C600italic%2C700%2C700italic%2C800%2C800italic|font_style:700%20bold%20regular%3A700%3Anormal&#8221; custom_letter_spacing=&#8221;-0.075em&#8221; css=&#8221;.vc_custom_1572055947126{padding-right: 50px !important;padding-left: 50px !important;}&#8221; link=&#8221;url:https%3A%2F%2Fizvorulalb.org%2Fwallpapers-covers%2F|title:WALLPAPERS%20%26%20COVERS||&#8221;][vc_custom_heading text=&#8221;Fii aici oriunde ai fi \u0219i poart\u0103 Izvorul Alb cu tine oriunde te-ai duce. \u021ai-am preg\u0103tit o mul\u021bime de wallpapers care s\u0103 te ajute s\u0103 visezi.&#8221; font_container=&#8221;tag:div|font_size:18px|text_align:justify|color:%23333333|line_height:28px&#8221; google_fonts=&#8221;font_family:Poppins%3Aregular|font_style:300%20light%20regular%3A300%3Anormal&#8221; custom_letter_spacing=&#8221;-0.025em&#8221; css=&#8221;.vc_custom_1572047595000{padding-right: 50px !important;padding-left: 50px !important;}&#8221;][vc_btn title=&#8221;Poart\u0103 Izvorul Alb&#8221; style=&#8221;custom&#8221; custom_background=&#8221;#e7a70d&#8221; custom_text=&#8221;#222222&#8243; shape=&#8221;round&#8221; align=&#8221;left&#8221; el_class=&#8221;text-uppercase home-btn-ss-about&#8221; css=&#8221;.vc_custom_1573556602756{padding-right: 50px !important;padding-left: 50px !important;}&#8221; link=&#8221;url:https%3A%2F%2Fizvorulalb.org%2Fwallpapers-covers%2F|title:WALLPAPERS%20%26%20COVERS||&#8221;][\/vc_column][\/vc_row][\/vc_section][vc_section full_width=&#8221;stretch_row&#8221; css=&#8221;.vc_custom_1572052458553{padding-top: 250px !important;padding-bottom: 70px !important;background-image: url(http:\/\/izvorulalb.org\/wp-content\/uploads\/2019\/10\/1_resized-min.jpg?id=1488) !important;background-position: center !important;background-repeat: no-repeat !important;background-size: cover !important;}&#8221;][vc_row][vc_column][vc_custom_heading text=&#8221;Unei salv\u0103ri \u00eei ia o or\u0103 \u0219i jum\u0103tate s\u0103 ajung\u0103 din Bicaz \u00een Izvorul Alb.<br \/>\nStatul e\u0219ueaz\u0103, satul ajut\u0103.&#8221; font_container=&#8221;tag:h3|font_size:18px|text_align:center|color:%23e7a70d|line_height:24px&#8221; google_fonts=&#8221;font_family:Poppins%3Aregular|font_style:600%20bold%20regular%3A600%3Anormal&#8221; custom_letter_spacing=&#8221;-0.025em&#8221;][vc_empty_space height=&#8221;30px&#8221;][vc_custom_heading text=&#8221;Doneaz\u0103 \u0219i hai s\u0103 le oferim s\u0103tenilor din Izvorul Alb<br \/>\nacces la servicii medicale.&#8221; font_container=&#8221;tag:p|font_size:22px|text_align:center|color:%23c9c9c9|line_height:30px&#8221; google_fonts=&#8221;font_family:Open%20Sans%3A300%2C300italic%2Cregular%2Citalic%2C600%2C600italic%2C700%2C700italic%2C800%2C800italic|font_style:400%20regular%3A400%3Anormal&#8221;][vc_btn title=&#8221;Doneaz\u0103 Acum&#8221; style=&#8221;custom&#8221; custom_background=&#8221;#e7a70d&#8221; custom_text=&#8221;#222222&#8243; shape=&#8221;round&#8221; align=&#8221;center&#8221; el_class=&#8221;text-uppercase home-btn-ss-about no-absolute&#8221; css=&#8221;.vc_custom_1573556641619{margin-top: 45px !important;padding-right: 50px !important;padding-left: 50px !important;}&#8221; link=&#8221;url:https%3A%2F%2Fizvorulalb.org%2Fcum-poti-ajuta%2Fdoneaza-si-tu%2F|title:Doneaza||&#8221;][\/vc_column][\/vc_row][\/vc_section][vc_section full_width=&#8221;stretch_row_content&#8221; css=&#8221;.vc_custom_1520242627067{padding-top: 0px !important;}&#8221;][vc_row][vc_column css=&#8221;.vc_custom_1572055827821{padding-top: 90px !important;padding-right: 30px !important;padding-bottom: 90px !important;padding-left: 30px !important;background-color: #e7a70d !important;}&#8221; offset=&#8221;vc_col-lg-3 vc_col-md-12 vc_col-xs-12&#8243;][vc_custom_heading text=&#8221;Izvorani&#8221; font_container=&#8221;tag:h2|font_size:46px|text_align:left|color:%23222222|line_height:56px&#8221; google_fonts=&#8221;font_family:Poppins%3Aregular|font_style:700%20bold%20regular%3A700%3Anormal&#8221; custom_letter_spacing=&#8221;-0.05em&#8221; el_class=&#8221;text-nowrap&#8221;][vc_custom_heading text=&#8221;PODCASTURI S\u0102TE\u0218TI&#8221; font_container=&#8221;tag:p|font_size:16px|text_align:left|color:%23222222|line_height:30px&#8221; google_fonts=&#8221;font_family:Open%20Sans%3A300%2C300italic%2Cregular%2Citalic%2C600%2C600italic%2C700%2C700italic%2C800%2C800italic|font_style:600%20bold%20regular%3A600%3Anormal&#8221; custom_letter_spacing=&#8221;-0.05em&#8221;][vc_empty_space height=&#8221;50px&#8221; el_class=&#8221;home-gap-space-area-first&#8221;][vc_custom_heading text=&#8221;Ascult\u0103-le pe toate&#8221; font_container=&#8221;tag:div|font_size:16px|text_align:left|color:%23222222|line_height:1&#8243; google_fonts=&#8221;font_family:Poppins%3Aregular|font_style:400%20regular%3A400%3Anormal&#8221; link=&#8221;url:https%3A%2F%2Fizvorulalb.org%2Fcategory%2Fpodcasturi-satesti%2F|||&#8221; css=&#8221;.vc_custom_1573556715471{margin-top: 0px !important;border-bottom-width: 1px !important;border-bottom-color: #0c0c0c !important;border-bottom-style: solid !important;}&#8221; el_class=&#8221;inline-block&#8221;][\/vc_column][vc_column offset=&#8221;vc_col-lg-9 vc_col-md-12 vc_col-xs-12&#8243;][vc_row_inner el_class=&#8221;focus-areas-inner-row-right&#8221;][vc_column_inner width=&#8221;1\/2&#8243; css=&#8221;.vc_custom_1574257138329{padding-top: 30px !important;padding-right: 30px !important;padding-bottom: 30px !important;padding-left: 30px !important;background-image: url(http:\/\/izvorulalb.org\/wp-content\/uploads\/2019\/10\/dan.jpg?id=1362) !important;background-position: center !important;background-repeat: no-repeat !important;background-size: cover !important;}&#8221; offset=&#8221;vc_col-lg-3 vc_col-md-3&#8243;][vc_empty_space height=&#8221;244px&#8221; el_class=&#8221;home-gap-space-area&#8221;][vc_custom_heading text=&#8221;Dan Pa\u0219c\u0103u&#8221; font_container=&#8221;tag:h3|font_size:20px|text_align:left|color:%23ffffff|line_height:26px&#8221; google_fonts=&#8221;font_family:Poppins%3Aregular|font_style:700%20bold%20regular%3A700%3Anormal&#8221; custom_letter_spacing=&#8221;-0.025em&#8221; css=&#8221;.vc_custom_1572034949701{margin-bottom: 0px !important;}&#8221; el_class=&#8221;text-nowrap&#8221;][vc_custom_heading text=&#8221;Funda\u021bia Izvorul Alb&#8221; font_container=&#8221;tag:h3|font_size:14px|text_align:left|color:%23e7a70d|line_height:24px&#8221; google_fonts=&#8221;font_family:Open%20Sans%3A300%2C300italic%2Cregular%2Citalic%2C600%2C600italic%2C700%2C700italic%2C800%2C800italic|font_style:600%20bold%20regular%3A600%3Anormal&#8221; custom_letter_spacing=&#8221;-0.025em&#8221; css=&#8221;.vc_custom_1572056097141{margin-top: 0px !important;}&#8221;][\/vc_column_inner][vc_column_inner width=&#8221;1\/2&#8243; css=&#8221;.vc_custom_1574257165784{padding-top: 30px !important;padding-right: 30px !important;padding-bottom: 30px !important;padding-left: 30px !important;background-image: url(http:\/\/izvorulalb.org\/wp-content\/uploads\/2019\/10\/calugar.jpg?id=1364) !important;background-position: center !important;background-repeat: no-repeat !important;background-size: cover !important;}&#8221; offset=&#8221;vc_col-lg-3 vc_col-md-3&#8243;][vc_empty_space height=&#8221;244px&#8221; el_class=&#8221;home-gap-space-area&#8221;][vc_custom_heading text=&#8221;C\u0103lug\u0103rul Iordan&#8221; font_container=&#8221;tag:h3|font_size:20px|text_align:left|color:%23ffffff|line_height:26px&#8221; google_fonts=&#8221;font_family:Poppins%3Aregular|font_style:700%20bold%20regular%3A700%3Anormal&#8221; custom_letter_spacing=&#8221;-0.025em&#8221; css=&#8221;.vc_custom_1572035043925{margin-bottom: 0px !important;}&#8221; el_class=&#8221;text-nowrap&#8221;][vc_empty_space height=&#8221;34px&#8221;][\/vc_column_inner][vc_column_inner el_class=&#8221;custom-bg-col-3&#8243; width=&#8221;1\/2&#8243; css=&#8221;.vc_custom_1583941809900{padding-top: 30px !important;padding-right: 30px !important;padding-bottom: 30px !important;padding-left: 30px !important;background-image: url(http:\/\/izvorulalb.org\/wp-content\/uploads\/2019\/10\/nea-traian.jpeg?id=1598) !important;}&#8221; offset=&#8221;vc_col-lg-3 vc_col-md-3&#8243;][vc_empty_space height=&#8221;244px&#8221; el_class=&#8221;home-gap-space-area&#8221;][vc_custom_heading text=&#8221;Nea Traian&#8221; font_container=&#8221;tag:h3|font_size:20px|text_align:left|color:%23ffffff|line_height:26px&#8221; google_fonts=&#8221;font_family:Poppins%3Aregular|font_style:700%20bold%20regular%3A700%3Anormal&#8221; custom_letter_spacing=&#8221;-0.025em&#8221; css=&#8221;.vc_custom_1572063881787{margin-bottom: 0px !important;}&#8221; el_class=&#8221;text-nowrap&#8221;][vc_empty_space height=&#8221;34px&#8221;][\/vc_column_inner][vc_column_inner el_class=&#8221;custom-bg-col-4&#8243; width=&#8221;1\/2&#8243; css=&#8221;.vc_custom_1574257220129{padding-top: 30px !important;padding-right: 30px !important;padding-bottom: 30px !important;padding-left: 30px !important;background-image: url(http:\/\/izvorulalb.org\/wp-content\/uploads\/2019\/10\/preot.jpg?id=1367) !important;}&#8221; offset=&#8221;vc_col-lg-3 vc_col-md-3&#8243;][vc_empty_space height=&#8221;244px&#8221; el_class=&#8221;home-gap-space-area&#8221;][vc_custom_heading text=&#8221;Preotul Aurel&#8221; font_container=&#8221;tag:h3|font_size:20px|text_align:left|color:%23ffffff|line_height:26px&#8221; google_fonts=&#8221;font_family:Poppins%3Aregular|font_style:700%20bold%20regular%3A700%3Anormal&#8221; custom_letter_spacing=&#8221;-0.025em&#8221; css=&#8221;.vc_custom_1572036446033{margin-bottom: 0px !important;}&#8221; el_class=&#8221;text-nowrap&#8221;][vc_empty_space height=&#8221;34px&#8221;][\/vc_column_inner][\/vc_row_inner][\/vc_column][\/vc_row][\/vc_section][vc_section css=&#8221;.vc_custom_1520267713354{padding-top: 90px !important;padding-bottom: 90px !important;}&#8221; el_class=&#8221;home-ss-recent-causes&#8221;][vc_row][vc_column][vc_custom_heading text=&#8221;Proiecte&#8221; font_container=&#8221;tag:h2|font_size:48px|text_align:center|color:%23222222|line_height:56px&#8221; google_fonts=&#8221;font_family:Poppins%3Aregular|font_style:700%20bold%20regular%3A700%3Anormal&#8221; custom_letter_spacing=&#8221;-0.05em&#8221; css=&#8221;.vc_custom_1572011218671{margin-top: 10px !important;}&#8221;][\/vc_column][\/vc_row][vc_row css=&#8221;.vc_custom_1520261741178{margin-top: 20px !important;}&#8221;][vc_column][bt_blog_grid columns=&#8221;col-lg-4&#8243; space=&#8221;30&#8243; excerpt_limit=&#8221;20&#8243; category=&#8221;proiecte&#8221;][\/vc_column][\/vc_row][\/vc_section][vc_section full_width=&#8221;stretch_row&#8221; css=&#8221;.vc_custom_1573651253638{padding-top: 150px !important;padding-bottom: 100px !important;background-image: url(http:\/\/izvorulalb.org\/wp-content\/uploads\/2019\/11\/Izvorul-Alb-20191012_102253_7408-min-1.jpg?id=1671) !important;background-position: center !important;background-repeat: no-repeat !important;background-size: cover !important;}&#8221;][vc_row][vc_column width=&#8221;2\/3&#8243;][vc_custom_heading text=&#8221;Ajut\u0103-ne s\u0103 construim un drum<br \/>\np\u00e2n\u0103 \u00een Izvorul Alb!&#8221; font_container=&#8221;tag:h3|font_size:30px|text_align:left|color:%23ffffff|line_height:36px&#8221; google_fonts=&#8221;font_family:Poppins%3Aregular|font_style:700%20bold%20regular%3A700%3Anormal&#8221; custom_letter_spacing=&#8221;-0.05em&#8221;][vc_custom_heading text=&#8221;Semneaz\u0103 peti\u021bia acum.&#8221; font_container=&#8221;tag:p|font_size:18px|text_align:left|color:%23fdc513|line_height:24px&#8221; google_fonts=&#8221;font_family:Poppins%3Aregular|font_style:600%20bold%20regular%3A600%3Anormal&#8221; custom_letter_spacing=&#8221;-0.05em&#8221;][\/vc_column][vc_column width=&#8221;1\/3&#8243;][vc_btn title=&#8221;Ajut\u0103 \u0219i tu&#8221; style=&#8221;custom&#8221; custom_background=&#8221;#fdc513&#8243; custom_text=&#8221;#222222&#8243; shape=&#8221;round&#8221; align=&#8221;center&#8221; el_class=&#8221;text-uppercase home-btn-ss-about no-absolute&#8221; css=&#8221;.vc_custom_1573650914859{margin-top: 30px !important;}&#8221; link=&#8221;url:https%3A%2F%2Fcampaniamea.declic.ro%2Fpetitions%2Fvrem-drum-pana-in-izvorul-alb%3Fjust_launched%3Dtrue|title:Doneaza|target:%20_blank|&#8221;][\/vc_column][\/vc_row][\/vc_section][vc_section full_width=&#8221;stretch_row&#8221; css=&#8221;.vc_custom_1520494791007{padding-top: 100px !important;padding-bottom: 100px !important;background-image: url(http:\/\/izvorulalb.org\/wp-content\/uploads\/2018\/03\/bg-ss-1.png?id=785) !important;background-position: center !important;background-repeat: no-repeat !important;background-size: cover !important;}&#8221; el_class=&#8221;news-articles-ss&#8221;][vc_row][vc_column][vc_custom_heading text=&#8221;Ve\u0219ti&#8221; font_container=&#8221;tag:h2|font_size:48px|text_align:center|color:%23222222|line_height:56px&#8221; google_fonts=&#8221;font_family:Poppins%3Aregular|font_style:700%20bold%20regular%3A700%3Anormal&#8221; custom_letter_spacing=&#8221;-0.05em&#8221; css=&#8221;.vc_custom_1572052645671{margin-top: 10px !important;}&#8221;][\/vc_column][\/vc_row][vc_row css=&#8221;.vc_custom_1520416274449{margin-top: 70px !important;}&#8221;][vc_column]<div  class=\"wpb_theme_custom_element wpb_posts_grid_resizable\">\n  <div class=\"vc-custom-inner-wrap\">\n    <div class=\"masonry-hybrid-wrap\" data-bears-masonryhybrid=\"{&quot;col&quot;:3,&quot;space&quot;:30,&quot;responsive&quot;:{&quot;860&quot;:{&quot;col&quot;:&quot;2&quot;},&quot;577&quot;:{&quot;col&quot;:&quot;1&quot;}}}\" data-bears-masonryhybrid-resize=\"{&quot;celHeight&quot;:320,&quot;grid_name&quot;:&quot;posts_grid_resizable_1520414886644-ade79eb4-25ca&quot;,&quot;sizeMap&quot;:[[&quot;2&quot;,&quot;1&quot;],[&quot;1&quot;,&quot;1&quot;],[&quot;1&quot;,&quot;1&quot;],[&quot;1&quot;,&quot;1&quot;],[&quot;1&quot;,&quot;1&quot;]],&quot;resize&quot;:false}\" data-bears-lightgallery=\"{&quot;selector&quot;:&quot;.zoom-item&quot;,&quot;thumbnail&quot;:true}\">\n      <div class=\"grid-sizer\"><\/div>\n      <div class=\"gutter-sizer\"><\/div>\n      <div class=\"grid-item item-skin-post-default\"><div class=\"grid-item-inner\"><div class=\"background-image-backend\" style=\"background: url(https:\/\/izvorulalb.org\/wp-content\/uploads\/2021\/03\/banner_site_VOT_2000-768x432.jpg) center center \/ cover, #333;\"><\/div><div class=\"entry-content\"><div class=\"post-term-list\"><a href=\"https:\/\/izvorulalb.org\/category\/news\/\" rel=\"tag\">News<\/a>,<a href=\"https:\/\/izvorulalb.org\/category\/vesti\/\" rel=\"tag\">Ve\u0219ti<\/a><\/div><a class=\"title-link\" href=\"https:\/\/izvorulalb.org\/2021\/03\/10\/galacere\/\" title=\"Gala CeRe a Particip\u0103rii Publice\"><h4 class=\"title\">Gala CeRe a Particip\u0103rii Publice<\/h4><\/a><\/div><a class=\"readmore\" href=\"https:\/\/izvorulalb.org\/2021\/03\/10\/galacere\/\" title=\"Gala CeRe a Particip\u0103rii Publice\"><span class=\"ion-ios-arrow-right\"><\/span><\/a><\/div><\/div><div class=\"grid-item item-skin-post-default\"><div class=\"grid-item-inner\"><div class=\"background-image-backend\" style=\"background: url(https:\/\/izvorulalb.org\/wp-content\/uploads\/2021\/03\/atelier-crestem-01-768x432.png) center center \/ cover, #333;\"><\/div><div class=\"entry-content\"><div class=\"post-term-list\"><a href=\"https:\/\/izvorulalb.org\/category\/news\/\" rel=\"tag\">News<\/a>,<a href=\"https:\/\/izvorulalb.org\/category\/vesti\/\" rel=\"tag\">Ve\u0219ti<\/a><\/div><a class=\"title-link\" href=\"https:\/\/izvorulalb.org\/2021\/03\/09\/crestemong\/\" title=\"CRE\u0218TEM ONG-URI #\u00ceNSTAREDEBINE, EDI\u021aIA 2021\"><h4 class=\"title\">CRE\u0218TEM ONG-URI #\u00ceNSTAREDEBINE, EDI\u021aIA 2021<\/h4><\/a><\/div><a class=\"readmore\" href=\"https:\/\/izvorulalb.org\/2021\/03\/09\/crestemong\/\" title=\"CRE\u0218TEM ONG-URI #\u00ceNSTAREDEBINE, EDI\u021aIA 2021\"><span class=\"ion-ios-arrow-right\"><\/span><\/a><\/div><\/div><div class=\"grid-item item-skin-post-default\"><div class=\"grid-item-inner\"><div class=\"background-image-backend\" style=\"background: url(https:\/\/izvorulalb.org\/wp-content\/uploads\/2017\/07\/Screenshot-2019-10-25-at-22.36.12-e1572035785918-768x804.png) center center \/ cover, #333;\"><\/div><div class=\"entry-content\"><div class=\"post-term-list\"><a href=\"https:\/\/izvorulalb.org\/category\/vesti\/\" rel=\"tag\">Ve\u0219ti<\/a><\/div><a class=\"title-link\" href=\"https:\/\/izvorulalb.org\/2021\/03\/08\/raport2020\/\" title=\"Raport asupra rezultatelor exerci\u021biului anului 2020\"><h4 class=\"title\">Raport asupra rezultatelor exerci\u021biului anului 2020<\/h4><\/a><\/div><a class=\"readmore\" href=\"https:\/\/izvorulalb.org\/2021\/03\/08\/raport2020\/\" title=\"Raport asupra rezultatelor exerci\u021biului anului 2020\"><span class=\"ion-ios-arrow-right\"><\/span><\/a><\/div><\/div><div class=\"grid-item item-skin-post-default\"><div class=\"grid-item-inner\"><div class=\"background-image-backend\" style=\"background: url(https:\/\/izvorulalb.org\/wp-content\/uploads\/2020\/05\/Screenshot_2020-05-06-Salva\u021bi-Copiii-Redirec\u021bioneaz\u0103-35-din-impozitul-pe-venit.png) center center \/ cover, #333;\"><\/div><div class=\"entry-content\"><div class=\"post-term-list\"><a href=\"https:\/\/izvorulalb.org\/category\/news\/\" rel=\"tag\">News<\/a>,<a href=\"https:\/\/izvorulalb.org\/category\/vesti\/\" rel=\"tag\">Ve\u0219ti<\/a><\/div><a class=\"title-link\" href=\"https:\/\/izvorulalb.org\/2021\/01\/24\/formular230-2\/\" title=\"Ajut\u0103-ne s\u0103 ducem mai departe povestea satului rom\u00e2nesc\"><h4 class=\"title\">Ajut\u0103-ne s\u0103 ducem mai departe povestea satului rom\u00e2nesc<\/h4><\/a><\/div><a class=\"readmore\" href=\"https:\/\/izvorulalb.org\/2021\/01\/24\/formular230-2\/\" title=\"Ajut\u0103-ne s\u0103 ducem mai departe povestea satului rom\u00e2nesc\"><span class=\"ion-ios-arrow-right\"><\/span><\/a><\/div><\/div><div class=\"grid-item item-skin-post-default\"><div class=\"grid-item-inner\"><div class=\"background-image-backend\" style=\"background: url(https:\/\/izvorulalb.org\/wp-content\/uploads\/2020\/11\/7e2183a3-2e25-4470-a572-1638e335f0fa-768x1024.jpg) center center \/ cover, #333;\"><\/div><div class=\"entry-content\"><div class=\"post-term-list\"><a href=\"https:\/\/izvorulalb.org\/category\/news\/\" rel=\"tag\">News<\/a>,<a href=\"https:\/\/izvorulalb.org\/category\/vesti\/\" rel=\"tag\">Ve\u0219ti<\/a><\/div><a class=\"title-link\" href=\"https:\/\/izvorulalb.org\/2020\/11\/26\/carteadepovesti5\/\" title=\"Cartea de Pove\u0219ti a Izvorului Alb &#8211; Capitolul 5\"><h4 class=\"title\">Cartea de Pove\u0219ti a Izvorului Alb &#8211; Capitolul 5<\/h4><\/a><\/div><a class=\"readmore\" href=\"https:\/\/izvorulalb.org\/2020\/11\/26\/carteadepovesti5\/\" title=\"Cartea de Pove\u0219ti a Izvorului Alb &#8211; Capitolul 5\"><span class=\"ion-ios-arrow-right\"><\/span><\/a><\/div><\/div><div class=\"grid-item item-skin-post-default\"><div class=\"grid-item-inner\"><div class=\"background-image-backend\" style=\"background: url(https:\/\/izvorulalb.org\/wp-content\/uploads\/2020\/10\/4d4f82df-280e-4d03-bdd6-6a3adf4372cb-768x576.jpg) center center \/ cover, #333;\"><\/div><div class=\"entry-content\"><div class=\"post-term-list\"><a href=\"https:\/\/izvorulalb.org\/category\/news\/\" rel=\"tag\">News<\/a>,<a href=\"https:\/\/izvorulalb.org\/category\/vesti\/\" rel=\"tag\">Ve\u0219ti<\/a><\/div><a class=\"title-link\" href=\"https:\/\/izvorulalb.org\/2020\/10\/08\/carteadepovesti4\/\" title=\"Cartea de Pove\u0219ti a Izvorului Alb &#8211; Capitolul 4\"><h4 class=\"title\">Cartea de Pove\u0219ti a Izvorului Alb &#8211; Capitolul 4<\/h4><\/a><\/div><a class=\"readmore\" href=\"https:\/\/izvorulalb.org\/2020\/10\/08\/carteadepovesti4\/\" title=\"Cartea de Pove\u0219ti a Izvorului Alb &#8211; Capitolul 4\"><span class=\"ion-ios-arrow-right\"><\/span><\/a><\/div><\/div><div class=\"grid-item item-skin-post-default\"><div class=\"grid-item-inner\"><div class=\"background-image-backend\" style=\"background: url(https:\/\/izvorulalb.org\/wp-content\/uploads\/2020\/08\/118180897_746119319571135_5808971096379705007_o-768x512.jpg) center center \/ cover, #333;\"><\/div><div class=\"entry-content\"><div class=\"post-term-list\"><a href=\"https:\/\/izvorulalb.org\/category\/news\/\" rel=\"tag\">News<\/a>,<a href=\"https:\/\/izvorulalb.org\/category\/vesti\/\" rel=\"tag\">Ve\u0219ti<\/a><\/div><a class=\"title-link\" href=\"https:\/\/izvorulalb.org\/2020\/08\/25\/comunicatdepresa\/\" title=\"Comunicat de pres\u0103 &#8211; Funda\u021bia Izvorul Alb al\u0103turi de Asocia\u021bia Green Ties rescriu istoria Lacului Izvorul Muntelui cu ajutorul Rowmania \u0219i a marelui campion Ivan Patzaichin\"><h4 class=\"title\">Comunicat de pres\u0103 &#8211; Funda\u021bia Izvorul Alb al\u0103turi de Asocia\u021bia Green Ties rescriu istoria Lacului Izvorul Muntelui cu ajutorul Rowmania \u0219i a marelui campion Ivan Patzaichin<\/h4><\/a><\/div><a class=\"readmore\" href=\"https:\/\/izvorulalb.org\/2020\/08\/25\/comunicatdepresa\/\" title=\"Comunicat de pres\u0103 &#8211; Funda\u021bia Izvorul Alb al\u0103turi de Asocia\u021bia Green Ties rescriu istoria Lacului Izvorul Muntelui cu ajutorul Rowmania \u0219i a marelui campion Ivan Patzaichin\"><span class=\"ion-ios-arrow-right\"><\/span><\/a><\/div><\/div><div class=\"grid-item item-skin-post-default\"><div class=\"grid-item-inner\"><div class=\"background-image-backend\" style=\"background: url(https:\/\/izvorulalb.org\/wp-content\/uploads\/2020\/08\/IMG_3088.jpg) center center \/ cover, #333;\"><\/div><div class=\"entry-content\"><div class=\"post-term-list\"><a href=\"https:\/\/izvorulalb.org\/category\/news\/\" rel=\"tag\">News<\/a>,<a href=\"https:\/\/izvorulalb.org\/category\/vesti\/\" rel=\"tag\">Ve\u0219ti<\/a><\/div><a class=\"title-link\" href=\"https:\/\/izvorulalb.org\/2020\/08\/23\/carteadepovesti3\/\" title=\"Cartea de Pove\u0219ti a Izvorului Alb &#8211; Capitolul 3\"><h4 class=\"title\">Cartea de Pove\u0219ti a Izvorului Alb &#8211; Capitolul 3<\/h4><\/a><\/div><a class=\"readmore\" href=\"https:\/\/izvorulalb.org\/2020\/08\/23\/carteadepovesti3\/\" title=\"Cartea de Pove\u0219ti a Izvorului Alb &#8211; Capitolul 3\"><span class=\"ion-ios-arrow-right\"><\/span><\/a><\/div><\/div><div class=\"grid-item item-skin-post-default\"><div class=\"grid-item-inner\"><div class=\"background-image-backend\" style=\"background: url(https:\/\/izvorulalb.org\/wp-content\/uploads\/2020\/07\/pasted-image-0-768x761.jpg) center center \/ cover, #333;\"><\/div><div class=\"entry-content\"><div class=\"post-term-list\"><a href=\"https:\/\/izvorulalb.org\/category\/news\/\" rel=\"tag\">News<\/a>,<a href=\"https:\/\/izvorulalb.org\/category\/vesti\/\" rel=\"tag\">Ve\u0219ti<\/a><\/div><a class=\"title-link\" href=\"https:\/\/izvorulalb.org\/2020\/07\/29\/carteadepovesti2\/\" title=\"Cartea de Pove\u0219ti a Izvorului Alb &#8211; Capitolul 2\"><h4 class=\"title\">Cartea de Pove\u0219ti a Izvorului Alb &#8211; Capitolul 2<\/h4><\/a><\/div><a class=\"readmore\" href=\"https:\/\/izvorulalb.org\/2020\/07\/29\/carteadepovesti2\/\" title=\"Cartea de Pove\u0219ti a Izvorului Alb &#8211; Capitolul 2\"><span class=\"ion-ios-arrow-right\"><\/span><\/a><\/div><\/div>    <\/div>\n  <\/div>\n<\/div>\n[\/vc_column][\/vc_row][\/vc_section]<\/p>\n","protected":false},"excerpt":{"rendered":"<p>[vc_section full_width=&#8221;stretch_row_content&#8221;][vc_row full_width=&#8221;stretch_row_content_no_spaces&#8221;][vc_column][rev_slider_vc alias=&#8221;ngo-slider&#8221;][\/vc_column][\/vc_row][\/vc_section][vc_section full_width=&#8221;stretch_row&#8221; css=&#8221;.vc_custom_1520259971275{margin-top: -100px !important;margin-bottom: -60px !important;padding-top: 150px !important;padding-bottom: 80px !important;background-image: url(http:\/\/izvorulalb.org\/wp-content\/uploads\/2018\/03\/bg-ss-1.png?id=785) !important;background-position: center !important;background-repeat: no-repeat !important;background-size:&hellip;<\/p>\n","protected":false},"author":1,"featured_media":0,"parent":0,"menu_order":0,"comment_status":"closed","ping_status":"closed","template":"visual-builder-template.php","meta":{"footnotes":""},"class_list":["post-740","page","type-page","status-publish","hentry"],"_links":{"self":[{"href":"https:\/\/izvorulalb.org\/wp-json\/wp\/v2\/pages\/740","targetHints":{"allow":["GET"]}}],"collection":[{"href":"https:\/\/izvorulalb.org\/wp-json\/wp\/v2\/pages"}],"about":[{"href":"https:\/\/izvorulalb.org\/wp-json\/wp\/v2\/types\/page"}],"author":[{"embeddable":true,"href":"https:\/\/izvorulalb.org\/wp-json\/wp\/v2\/users\/1"}],"replies":[{"embeddable":true,"href":"https:\/\/izvorulalb.org\/wp-json\/wp\/v2\/comments?post=740"}],"version-history":[{"count":59,"href":"https:\/\/izvorulalb.org\/wp-json\/wp\/v2\/pages\/740\/revisions"}],"predecessor-version":[{"id":1850,"href":"https:\/\/izvorulalb.org\/wp-json\/wp\/v2\/pages\/740\/revisions\/1850"}],"wp:attachment":[{"href":"https:\/\/izvorulalb.org\/wp-json\/wp\/v2\/media?parent=740"}],"curies":[{"name":"wp","href":"https:\/\/api.w.org\/{rel}","templated":true}]}}