{"id":14,"date":"2017-06-27T03:30:03","date_gmt":"2017-06-27T03:30:03","guid":{"rendered":"https:\/\/izvorulalb.org\/?page_id=14"},"modified":"2019-12-01T09:20:36","modified_gmt":"2019-12-01T09:20:36","slug":"despre-fundatie","status":"publish","type":"page","link":"https:\/\/izvorulalb.org\/despre-fundatie\/","title":{"rendered":"DESPRE FUNDA\u021aIE"},"content":{"rendered":"<p>[vc_section full_width=&#8221;stretch_row&#8221; css=&#8221;.vc_custom_1575192036733{padding-top: 30vh !important;padding-bottom: 30vh !important;background-image: url(http:\/\/izvorulalb.org\/wp-content\/uploads\/2019\/10\/despre-fundatie-min.jpg?id=1560) !important;background-position: center !important;background-repeat: no-repeat !important;background-size: cover !important;}&#8221;][vc_row][vc_column][vc_custom_heading text=&#8221;Despre Funda\u021bia Izvorul Alb&#8221; font_container=&#8221;tag:h2|font_size:40px|text_align:center|color:%23ffffff|line_height:60px&#8221; google_fonts=&#8221;font_family:Raleway%3A100%2C200%2C300%2Cregular%2C500%2C600%2C700%2C800%2C900|font_style:800%20bold%20regular%3A800%3Anormal&#8221; custom_letter_spacing=&#8221;-2px&#8221;][\/vc_column][\/vc_row][\/vc_section][vc_row css=&#8221;.vc_custom_1572040132754{padding-top: 30px !important;padding-bottom: 30px !important;}&#8221;][vc_column width=&#8221;1\/2&#8243;][vc_single_image image=&#8221;1304&#8243; img_size=&#8221;full&#8221; alignment=&#8221;center&#8221;][vc_single_image image=&#8221;1564&#8243; img_size=&#8221;full&#8221; alignment=&#8221;center&#8221;][vc_single_image image=&#8221;1293&#8243; img_size=&#8221;full&#8221; alignment=&#8221;center&#8221;][vc_single_image image=&#8221;1572&#8243; img_size=&#8221;full&#8221; alignment=&#8221;center&#8221;][\/vc_column][vc_column width=&#8221;1\/2&#8243;][vc_custom_heading text=&#8221;Prezen\u021bi pentru viitor.&#8221; use_theme_fonts=&#8221;yes&#8221; custom_letter_spacing=&#8221;-1.8px&#8221;][vc_custom_heading text=&#8221;Ne-a fost transmis\u0103 din genera\u021bie \u00een genera\u021bie misiunea de a rescrie povestea satului, de a fi prezen\u021bi pentru viitor, de a c\u0103uta inspira\u021bie \u0219i a genera transformare, de a transmite valorile satului rom\u00e2nesc. G\u00e2ndim global, ac\u021bion\u0103m local \u0219i c\u0103ut\u0103m poten\u021bialul individual \u0219i colectiv al Izvorului Alb.&#8221; font_container=&#8221;tag:p|text_align:justify|color:%23636363&#8243; google_fonts=&#8221;font_family:Raleway%3A100%2C200%2C300%2Cregular%2C500%2C600%2C700%2C800%2C900|font_style:300%20light%20regular%3A300%3Anormal&#8221; css=&#8221;.vc_custom_1572039834429{margin-top: 40px !important;}&#8221;][vc_custom_heading text=&#8221;<strong>VALORI: Respect. Toleran\u021b\u0103. Continuitate. Mo\u0219tenire cultural\u0103.<\/strong><\/p>\n<p>Ce facem concret?<\/p>\n<p><strong>1. Construim comunit\u0103\u021bi puternice<\/strong><\/p>\n<p>Oferim de 20 de ani suport pentru comunit\u0103\u021bile din jude\u021bul Neam\u021b, cu prec\u0103dere \u00een Izvorul Alb \u0219i venim \u00een \u00eent\u00e2mpinarea nevoilor lor oferind ajutor personalizat copiilor, v\u00e2rstnicilor \u0219i familiilor aflate \u00een situa\u021bii de criz\u0103 . Le sprijinim \u00een identificarea de resurse proprii, pentru a gestiona \u0219i dep\u0103si problemele cu care se confrunt\u0103 \u0219i \u00eencerc\u0103m s\u0103 schimb\u0103m statutul de comunitate vulnerabil\u0103 \u00een comunitate prosper\u0103.<br \/>\nLeg\u0103m parteneriate puternice \u00een comunit\u0103\u021bile \u00een care activ\u0103m, dezvolt\u0103m programe sustenabile pe termen lung \u0219i sus\u021binem activ societatea civil\u0103, mediul de afaceri, \u0219coala \u0219i biserica.<\/p>\n<p><strong>2. Construim viitorul investind \u00een educa\u021bie<\/strong><br \/>\nPunem accentul pe \u0219colarizare, dezvoltare personal\u0103 \u0219i profesional\u0103 precum \u0219i pe prevenirea abandonului \u0219colar colabor\u00e2nd str\u00e2ns cu \u0219colile, liceele \u0219i colegiile din jude\u021bul Neam\u021b. \u00cencerc\u0103m s\u0103 acoperim nevoile copiilor, lucr\u00e2nd cu toat\u0103 familia \u0219i comunitatea. Oferim servicii integrate \u00een aceast\u0103 zon\u0103, abordarea este una complex\u0103, \u021bin\u00e2nd cont de nevoia de hran\u0103, educa\u021bie, s\u0103n\u0103tate, locuri de munc\u0103.<\/p>\n<p><strong>3. P\u0103str\u0103m mo\u0219tenirea cultural\u0103<\/strong><br \/>\nP\u0103str\u0103m vii tradi\u021biile locului, cre\u00e2nd evenimente care au ca scop transmiterea mo\u0219tenirii culturale, culinare, \u0219i naturale .Readucem \u00een prezent obiceiuri uitate \u0219i dep\u0103n\u0103m la fiecare r\u0103gaz amintiri \u0219i pove\u0219ti din satul de odinioar\u0103, ne onor\u0103m str\u0103mo\u0219ii \u0219i apreciem ordinea simpl\u0103 \u0219i ancestral\u0103 a lucrurilor. Prin festivalul \u201eFii \u0219i ficele satului\u201d sau cursul de \u201eConstientizare cultural\u0103\u201d oferim cadrul ideal de manifestare a valorilor \u0219i atitudinilor culturale \u00een care credem.<\/p>\n<p><strong>4. Lupt\u0103m pentru drepturile comunit\u0103\u021bii<\/strong><br \/>\nAvem obiective clare de dezvoltare \u0219i lupt\u0103m pentru implementarea lor \u00een zon\u0103. Dirijarea apei pluviale, reabilitarea drumului s\u0103tesc, gestionarea apei furnizate prin re\u021beaua public\u0103, colectarea de\u0219eurilor, implementarea de reguli pentru utilaje grele \u0219i ecologizarea lacului Izvorul Muntelui, sunt doar c\u00e2teva dintre priorit\u0103\u021bile funda\u021biei, cauze pentru care milit\u0103m \u0219i a c\u0103ror punere \u00een practic\u0103 ar \u00eembun\u0103t\u0103\u021bi \u0219im\u021bitor calitatea vie\u021bii \u00een zon\u0103.<\/p>\n<p><strong>5. P\u0103str\u0103m natura \u00een cea mai frumoas\u0103 form\u0103 a ei<\/strong><\/p>\n<p>Natura este cel mai de pre\u021b lucru pe care niciunul dintre noi nu \u00eel de\u021binem. Ne-am luat angajamentul de a proteja frumuse\u021bea zonei Izvorului Alb prin ac\u021biuni de ecologizare \u0219i prin depunerea tuturor m\u0103surilor necesare pentru stoparea defri\u0219\u0103rilor ilegale.<\/p>\n<p>Al\u0103tur\u0103-te \u0219i tu misiunii noastre \u0219i ajut\u0103-ne s\u0103 ducem povestea satului rom\u00e2nesc mai departe.&#8221; font_container=&#8221;tag:p|text_align:left|color:%23636363&#8243; google_fonts=&#8221;font_family:Raleway%3A100%2C200%2C300%2Cregular%2C500%2C600%2C700%2C800%2C900|font_style:300%20light%20regular%3A300%3Anormal&#8221; css=&#8221;.vc_custom_1572063269871{margin-top: 40px !important;}&#8221;][\/vc_column][\/vc_row]<\/p>\n","protected":false},"excerpt":{"rendered":"<p>[vc_section full_width=&#8221;stretch_row&#8221; css=&#8221;.vc_custom_1575192036733{padding-top: 30vh !important;padding-bottom: 30vh !important;background-image: url(http:\/\/izvorulalb.org\/wp-content\/uploads\/2019\/10\/despre-fundatie-min.jpg?id=1560) !important;background-position: center !important;background-repeat: no-repeat !important;background-size: cover !important;}&#8221;][vc_row][vc_column][vc_custom_heading text=&#8221;Despre Funda\u021bia Izvorul Alb&#8221; font_container=&#8221;tag:h2|font_size:40px|text_align:center|color:%23ffffff|line_height:60px&#8221;&hellip;<\/p>\n","protected":false},"author":1,"featured_media":0,"parent":0,"menu_order":0,"comment_status":"closed","ping_status":"closed","template":"visual-builder-template.php","meta":{"footnotes":""},"class_list":["post-14","page","type-page","status-publish","hentry"],"_links":{"self":[{"href":"https:\/\/izvorulalb.org\/wp-json\/wp\/v2\/pages\/14","targetHints":{"allow":["GET"]}}],"collection":[{"href":"https:\/\/izvorulalb.org\/wp-json\/wp\/v2\/pages"}],"about":[{"href":"https:\/\/izvorulalb.org\/wp-json\/wp\/v2\/types\/page"}],"author":[{"embeddable":true,"href":"https:\/\/izvorulalb.org\/wp-json\/wp\/v2\/users\/1"}],"replies":[{"embeddable":true,"href":"https:\/\/izvorulalb.org\/wp-json\/wp\/v2\/comments?post=14"}],"version-history":[{"count":21,"href":"https:\/\/izvorulalb.org\/wp-json\/wp\/v2\/pages\/14\/revisions"}],"predecessor-version":[{"id":1690,"href":"https:\/\/izvorulalb.org\/wp-json\/wp\/v2\/pages\/14\/revisions\/1690"}],"wp:attachment":[{"href":"https:\/\/izvorulalb.org\/wp-json\/wp\/v2\/media?parent=14"}],"curies":[{"name":"wp","href":"https:\/\/api.w.org\/{rel}","templated":true}]}}